{"id":4086,"date":"2014-12-10T22:27:23","date_gmt":"2014-12-10T21:27:23","guid":{"rendered":"http:\/\/novalmendro.com\/?page_id=4086"},"modified":"2016-02-22T11:15:29","modified_gmt":"2016-02-22T10:15:29","slug":"varietes-damandier","status":"publish","type":"page","link":"https:\/\/novalmendro.com\/fr\/amandier\/varietes-damandier\/","title":{"rendered":"Vari\u00e9t\u00e9s d\u2019amandier"},"content":{"rendered":"<p><img loading=\"lazy\" decoding=\"async\" class=\"size-full wp-image-3813 alignright\" src=\"http:\/\/novalmendro.com\/wp-content\/uploads\/16_1fr.jpg\" alt=\"16_1\" width=\"450\" height=\"398\" \/><br \/>\nChez <strong>Novalmendro<\/strong>, nous disposons de <strong>multiples vari\u00e9t\u00e9s<\/strong> d\u2019amandier. Parmi celles-ci, il convient de signaler pour les plantations en haie :<\/p>\n<p>Avijor\u00ae Soleta\u00ae Guara\u00ae Belona\u00ae<\/p>\n<p>D\u00fb \u00e0 sa <strong>pr\u00e9cocit\u00e9, sa productivit\u00e9, auto-fertilit\u00e9, floraison tardive, et \u00e0 la qualit\u00e9<\/strong> de ses p\u00e9pins. Pour des cadres intensifs, nous utilisons d\u2019autres vari\u00e9t\u00e9s comme Marinada, Vairo, Constant\u00ed de l\u2019IRTA, Marta et Anto\u00f1eta de CEBAS. Toutes auto-fertiles et de floraison tardive.<\/p>\n<p>Toutes nos vari\u00e9t\u00e9s proviennent d\u2019une <strong>minutieuse s\u00e9lection g\u00e9n\u00e9tique<\/strong> et jouissent d\u2019excellente <strong>homog\u00e9n\u00e9it\u00e9 et productivit\u00e9<\/strong>.<\/p>\n<p>Nos plantes jouissent d\u2019une excellente sant\u00e9, d\u00fb \u00e0 qu\u2019elles sont soumises \u00e0 de rigoureux contr\u00f4les sanitaires. Elles poss\u00e8dent toutes <strong>\u00ab le certificat sanitaire \u00bb<\/strong> correspondant.<\/p>\n<p>Nos vari\u00e9t\u00e9s sont greff\u00e9es sur diff\u00e9rents porte-greffes nanifiant (Rootpac 20 est le plus utilis\u00e9 en haie).<\/p>\n<div id=\"g1-divider-1\" class=\"g1-divider g1-divider--none g1-divider--noicon \"><\/div>\n<span id=\"g1-space-1\" class=\"g1-space \" style=\"margin-top:-15px;\"><\/span>\n<table border=\"0\" width=\"100%\">\n<tbody>\n<tr>\n<td width=\"128\"><a href=\"http:\/\/novalmendro.com\/fr\/amandier\/varietes-damandier\/lauranne-avijor\/\"><img loading=\"lazy\" decoding=\"async\" class=\"aligncenter wp-image-7838\" src=\"https:\/\/novalmendro.com\/wp-content\/uploads\/\/VariedadesAlmendro_Laurane-150x150.jpg\" alt=\"VariedadesAlmendro_Avijor\u00ae\" width=\"125\" height=\"125\" srcset=\"https:\/\/novalmendro.com\/wp-content\/uploads\/VariedadesAlmendro_Laurane-150x150.jpg 150w, https:\/\/novalmendro.com\/wp-content\/uploads\/VariedadesAlmendro_Laurane-55x55.jpg 55w, https:\/\/novalmendro.com\/wp-content\/uploads\/VariedadesAlmendro_Laurane-239x239.jpg 239w, https:\/\/novalmendro.com\/wp-content\/uploads\/VariedadesAlmendro_Laurane.jpg 256w\" sizes=\"auto, (max-width: 125px) 100vw, 125px\" \/><\/a><\/td>\n<td width=\"128\"><a href=\"http:\/\/novalmendro.com\/fr\/amandier\/varietes-damandier\/soleta\/\"><img loading=\"lazy\" decoding=\"async\" class=\"aligncenter wp-image-7832\" src=\"https:\/\/novalmendro.com\/wp-content\/uploads\/\/VariedadesAlmendro_Soleta-150x150.jpg\" alt=\"VariedadesAlmendro_Soleta\" width=\"125\" height=\"120\" srcset=\"https:\/\/novalmendro.com\/wp-content\/uploads\/VariedadesAlmendro_Soleta-55x53.jpg 55w, https:\/\/novalmendro.com\/wp-content\/uploads\/VariedadesAlmendro_Soleta-239x230.jpg 239w, https:\/\/novalmendro.com\/wp-content\/uploads\/VariedadesAlmendro_Soleta.jpg 266w\" sizes=\"auto, (max-width: 125px) 100vw, 125px\" \/><\/a><\/td>\n<td width=\"128\"><a href=\"http:\/\/novalmendro.com\/fr\/amandier\/varietes-damandier\/guara\/\"><img loading=\"lazy\" decoding=\"async\" class=\"aligncenter wp-image-7836\" src=\"https:\/\/novalmendro.com\/wp-content\/uploads\/\/VariedadesAlmendro_Guara-150x150.jpg\" alt=\"VariedadesAlmendro_Guara\" width=\"125\" height=\"122\" srcset=\"https:\/\/novalmendro.com\/wp-content\/uploads\/VariedadesAlmendro_Guara-55x55.jpg 55w, https:\/\/novalmendro.com\/wp-content\/uploads\/VariedadesAlmendro_Guara-239x233.jpg 239w, https:\/\/novalmendro.com\/wp-content\/uploads\/VariedadesAlmendro_Guara.jpg 263w\" sizes=\"auto, (max-width: 125px) 100vw, 125px\" \/><\/a><\/td>\n<td width=\"128\"><a href=\"http:\/\/novalmendro.com\/fr\/amandier\/varietes-damandier\/belona\/\"><img loading=\"lazy\" decoding=\"async\" class=\"aligncenter wp-image-7834\" src=\"https:\/\/novalmendro.com\/wp-content\/uploads\/\/VariedadesAlmendro_Belona-150x150.jpg\" alt=\"VariedadesAlmendro_Belona\" width=\"125\" height=\"122\" srcset=\"https:\/\/novalmendro.com\/wp-content\/uploads\/VariedadesAlmendro_Belona-55x55.jpg 55w, https:\/\/novalmendro.com\/wp-content\/uploads\/VariedadesAlmendro_Belona-239x234.jpg 239w, https:\/\/novalmendro.com\/wp-content\/uploads\/VariedadesAlmendro_Belona.jpg 262w\" sizes=\"auto, (max-width: 125px) 100vw, 125px\" \/><\/a><\/td>\n<\/tr>\n<tr>\n<td style=\"text-align: center;\" width=\"128\"><strong><a title=\"Avijor\u00ae - Todolivo\" href=\"http:\/\/novalmendro.com\/fr\/amandier\/varietes-damandier\/lauranne-avijor\/\">Avijor\u00ae<\/a><\/strong><\/td>\n<td style=\"text-align: center;\" width=\"128\"><a title=\"Soleta\u00ae - Todolivo\" href=\"http:\/\/novalmendro.com\/fr\/amandier\/varietes-damandier\/soleta\/\"><strong>Soleta\u00ae<\/strong><\/a><\/td>\n<td style=\"text-align: center;\" width=\"128\"><strong><a title=\"Guara\u00ae - Todolivo\" href=\"http:\/\/novalmendro.com\/fr\/amandier\/varietes-damandier\/guara\/\">Guara\u00ae<\/a><\/strong><\/td>\n<td style=\"text-align: center;\" width=\"128\"><strong><a title=\"Belona\u00ae - Todolivo\" href=\"http:\/\/novalmendro.com\/fr\/amandier\/varietes-damandier\/belona\/\">Belona\u00ae<\/a><\/strong><\/td>\n<\/tr>\n<\/tbody>\n<\/table>\n<div id=\"g1-divider-2\" class=\"g1-divider g1-divider--none g1-divider--noicon \"><\/div>\n<ul class=\"g1-grid\"><li class=\"g1-column g1-one-half g1-valign-top\">\n<style type=\"text\/css\" scoped=\"scoped\">#g1-button-1.g1-button {color: #000000; border-color: #0caf00;}<\/style><a id=\"g1-button-1\" class=\"g1-button g1-button--medium g1-button--simple g1-button--simple \" href=\"http:\/\/novalmendro.com\/fr\/amandier\/comparaison-entre-varietes\/\" ><i class=\"fa fa-info-circle\"><\/i>Voir la comparaison des vari\u00e9t\u00e9s<\/a>\n<\/li><!-- -->\n<li class=\"g1-column g1-one-half g1-valign-top\">\n<div align=\"center\"><a class=\"boton\" href=\"http:\/\/novalmendro.com\/fr\/obtenir-plus-d-informations\/\" target=\"new\"><img loading=\"lazy\" decoding=\"async\" class=\"alignleft wp-image-6678\" style=\"margin-top: -12px;\" src=\"https:\/\/novalmendro.com\/wp-content\/uploads\/boton-info.png\" alt=\"boton info\" width=\"50\" height=\"48\" srcset=\"https:\/\/novalmendro.com\/wp-content\/uploads\/boton-info.png 60w, https:\/\/novalmendro.com\/wp-content\/uploads\/boton-info-55x53.png 55w\" sizes=\"auto, (max-width: 50px) 100vw, 50px\" \/><span style=\"color: #ffffff;\">Obtenir plus d\u2019informations<\/span><\/a><\/div>\n<\/li><!-- --><\/ul>\n","protected":false},"excerpt":{"rendered":"<p>Chez Novalmendro, nous disposons de multiples vari\u00e9t\u00e9s d\u2019amandier. Parmi celles-ci, il convient de signaler pour les plantations en haie : Avijor\u00ae Soleta\u00ae Guara\u00ae Belona\u00ae D\u00fb \u00e0 sa pr\u00e9cocit\u00e9, sa productivit\u00e9, auto-fertilit\u00e9, floraison tardive, et \u00e0 la qualit\u00e9 de ses p\u00e9pins. Pour des cadres intensifs, nous utilisons d\u2019autres vari\u00e9t\u00e9s comme Marinada, Vairo, Constant\u00ed de l\u2019IRTA, Marta [&hellip;]<\/p>\n","protected":false},"author":1,"featured_media":0,"parent":4019,"menu_order":0,"comment_status":"closed","ping_status":"closed","template":"","meta":{"footnotes":""},"class_list":["post-4086","page","type-page","status-publish"],"_links":{"self":[{"href":"https:\/\/novalmendro.com\/fr\/wp-json\/wp\/v2\/pages\/4086","targetHints":{"allow":["GET"]}}],"collection":[{"href":"https:\/\/novalmendro.com\/fr\/wp-json\/wp\/v2\/pages"}],"about":[{"href":"https:\/\/novalmendro.com\/fr\/wp-json\/wp\/v2\/types\/page"}],"author":[{"embeddable":true,"href":"https:\/\/novalmendro.com\/fr\/wp-json\/wp\/v2\/users\/1"}],"replies":[{"embeddable":true,"href":"https:\/\/novalmendro.com\/fr\/wp-json\/wp\/v2\/comments?post=4086"}],"version-history":[{"count":6,"href":"https:\/\/novalmendro.com\/fr\/wp-json\/wp\/v2\/pages\/4086\/revisions"}],"predecessor-version":[{"id":12436,"href":"https:\/\/novalmendro.com\/fr\/wp-json\/wp\/v2\/pages\/4086\/revisions\/12436"}],"up":[{"embeddable":true,"href":"https:\/\/novalmendro.com\/fr\/wp-json\/wp\/v2\/pages\/4019"}],"wp:attachment":[{"href":"https:\/\/novalmendro.com\/fr\/wp-json\/wp\/v2\/media?parent=4086"}],"curies":[{"name":"wp","href":"https:\/\/api.w.org\/{rel}","templated":true}]}}