{"id":4107,"date":"2014-12-10T23:56:52","date_gmt":"2014-12-10T22:56:52","guid":{"rendered":"http:\/\/novalmendro.com\/?page_id=4107"},"modified":"2016-02-22T11:16:41","modified_gmt":"2016-02-22T10:16:41","slug":"soleta","status":"publish","type":"page","link":"https:\/\/novalmendro.com\/fr\/amandier\/varietes-damandier\/soleta\/","title":{"rendered":"Soleta\u00ae"},"content":{"rendered":"<h2><img loading=\"lazy\" decoding=\"async\" class=\"circleimage alignleft wp-image-7886\" style=\"margin-left: 15px; margin-right: 15px;\" src=\"https:\/\/novalmendro.com\/wp-content\/uploads\/19_11.jpg\" alt=\"19_11\" width=\"210\" height=\"211\" srcset=\"https:\/\/novalmendro.com\/wp-content\/uploads\/19_11.jpg 178w, https:\/\/novalmendro.com\/wp-content\/uploads\/19_11-150x150.jpg 150w, https:\/\/novalmendro.com\/wp-content\/uploads\/19_11-55x55.jpg 55w\" sizes=\"auto, (max-width: 210px) 100vw, 210px\" \/>Soleta\u00ae (Obtenu par le CITA d&rsquo;Aragon)<\/h2>\n<p>C\u2019est une vari\u00e9t\u00e9 pr\u00e9coce, auto-fertile, de floraison tardive, de maturation semi-tardive et de haute productivit\u00e9. Elle poss\u00e8de une certaine r\u00e9sistance aux gel\u00e9es, l\u2019alternance moyenne-haute et une r\u00e9colte facile. Le fruit poss\u00e8de d\u2019excellentes caract\u00e9ristiques organoleptiques.<\/p>\n<span id=\"g1-space-1\" class=\"g1-space \" style=\"height:60px;\"><\/span>\n<div id=\"g1-tabs-1\" class=\"g1-tabs g1-tabs--simple g1-type--click g1-tabs--horizontal g1-tabs--top g1-align-left \">\n<div id=\"tab-title-counter-1\" class=\"g1-tab-title \">\n<p>Fiche technique<\/p>\n<\/div>\n<div id=\"tab-content-counter-1\" class=\"g1-tab-content \">\n<h3>Caract\u00e9ristiques principales<\/h3>\n<ul class=\"g1-grid\"><li class=\"g1-column g1-two-third g1-valign-top\">\n<table style=\"padding-left: 60px;\" border=\"0\" width=\"100%\">\n<tbody style=\"padding-left: 60px;\">\n<tr style=\"padding-left: 60px;\">\n<td style=\"padding-left: 60px;\" width=\"19%\">Vigueur:<\/td>\n<td style=\"padding-left: 60px;\" width=\"81%\">Moyenne<\/td>\n<\/tr>\n<tr style=\"padding-left: 60px;\">\n<td style=\"padding-left: 60px;\">Port:<\/td>\n<td style=\"padding-left: 60px;\">Semi-ouvert<\/td>\n<\/tr>\n<tr style=\"padding-left: 60px;\">\n<td style=\"padding-left: 60px;\">Ramification:<\/td>\n<td style=\"padding-left: 60px;\">Moyenne et de taille facile<\/td>\n<\/tr>\n<tr style=\"padding-left: 60px;\">\n<td style=\"padding-left: 60px;\">Floraison:<\/td>\n<td style=\"padding-left: 60px;\">Tardive (2-3 jours plus t\u00f4t que Guara)<\/td>\n<\/tr>\n<tr style=\"padding-left: 60px;\">\n<td style=\"padding-left: 60px;\">Maturation:<\/td>\n<td style=\"padding-left: 60px;\">Moyenne-tardive (Mi-septembre)<\/td>\n<\/tr>\n<tr style=\"padding-left: 60px;\">\n<td style=\"padding-left: 60px;\">Coque:<\/td>\n<td style=\"padding-left: 60px;\">Dure<\/td>\n<\/tr>\n<tr style=\"padding-left: 60px;\">\n<td style=\"padding-left: 60px;\">Rendement:<\/td>\n<td style=\"padding-left: 60px;\">27-35%<\/td>\n<\/tr>\n<tr style=\"padding-left: 60px;\">\n<td style=\"padding-left: 60px;\">Production:<\/td>\n<td style=\"padding-left: 60px;\">Haute<\/td>\n<\/tr>\n<tr style=\"padding-left: 60px;\">\n<td style=\"padding-left: 60px;\">Fructification:<\/td>\n<td style=\"padding-left: 60px;\">Localis\u00e9e principalement en \u00ab Bouquets de Mai \u00bb et moins en rameaux mixtes<\/td>\n<\/tr>\n<tr style=\"padding-left: 60px;\">\n<td style=\"padding-left: 60px;\">Tol\u00e9rance:<\/td>\n<td style=\"padding-left: 60px;\">\u00e9lev\u00e9 pour Tache Rouge. Tol\u00e9rance moyenne au froid<\/td>\n<\/tr>\n<tr style=\"padding-left: 60px;\">\n<td style=\"padding-left: 60px;\">Susceptibilit\u00e9:<\/td>\n<td style=\"padding-left: 60px;\">&#8211;<\/td>\n<\/tr>\n<\/tbody>\n<\/table>\n<\/li><!-- --><li class=\"g1-column g1-one-third g1-valign-top\">\n<p><img loading=\"lazy\" decoding=\"async\" class=\"estilo-imagen aligncenter wp-image-7884 size-full\" src=\"http:\/\/novalmendro.com\/wp-content\/uploads\/19_12.jpg\" alt=\"19_12\" width=\"194\" height=\"265\" srcset=\"https:\/\/novalmendro.com\/wp-content\/uploads\/19_12.jpg 194w, https:\/\/novalmendro.com\/wp-content\/uploads\/19_12-53x73.jpg 53w\" sizes=\"auto, (max-width: 194px) 100vw, 194px\" \/><br \/>\n<\/li><!-- --><\/ul><\/p>\n<\/div>\n<div id=\"tab-title-counter-2\" class=\"g1-tab-title \">\n<p>Fruit<\/p>\n<\/div>\n<div id=\"tab-content-counter-2\" class=\"g1-tab-content \">\n<h3>Caract\u00e9ristiques du fruit<\/h3>\n<p><ul class=\"g1-grid\"><li class=\"g1-column g1-one-half g1-valign-top\"><span id=\"g1-space-2\" class=\"g1-space \" style=\"height:20px;\"><\/span><\/p>\n<table style=\"padding-left: 60px;\" border=\"0\" width=\"100%\">\n<tbody style=\"padding-left: 60px;\">\n<tr style=\"padding-left: 60px;\">\n<td style=\"padding-left: 60px;\" width=\"50%\">Forme:<\/td>\n<td style=\"padding-left: 60px;\" width=\"50%\">elliptique<\/td>\n<\/tr>\n<tr style=\"padding-left: 60px;\">\n<td style=\"padding-left: 60px;\">Taille:<\/td>\n<td style=\"padding-left: 60px;\">moyen<\/td>\n<\/tr>\n<tr style=\"padding-left: 60px;\">\n<td style=\"padding-left: 60px;\">Poids moyen du fruit:<\/td>\n<td style=\"padding-left: 60px;\">1,27 g<\/td>\n<\/tr>\n<tr style=\"padding-left: 60px;\">\n<td style=\"padding-left: 60px;\">Graines doubles:<\/td>\n<td style=\"padding-left: 60px;\">0%<\/td>\n<\/tr>\n<tr style=\"padding-left: 60px;\">\n<td style=\"padding-left: 60px;\">Saveur:<\/td>\n<td style=\"padding-left: 60px;\">agr\u00e9able<\/td>\n<\/tr>\n<\/tbody>\n<\/table>\n<\/li><!-- --><li class=\"g1-column g1-one-half g1-valign-top\"> <img loading=\"lazy\" decoding=\"async\" class=\"estilo-imagen aligncenter wp-image-3867 size-full\" src=\"http:\/\/novalmendro.com\/wp-content\/uploads\/19_2.png\" alt=\"19_2\" width=\"247\" height=\"203\" srcset=\"https:\/\/novalmendro.com\/wp-content\/uploads\/19_2.png 247w, https:\/\/novalmendro.com\/wp-content\/uploads\/19_2-55x45.png 55w, https:\/\/novalmendro.com\/wp-content\/uploads\/19_2-239x196.png 239w\" sizes=\"auto, (max-width: 247px) 100vw, 247px\" \/> <\/li><!-- --><\/ul><\/p>\n<\/div>\n<\/div>\n<div id=\"g1-divider-1\" class=\"g1-divider g1-divider--none g1-divider--noicon \"><\/div>\n<span id=\"g1-space-3\" class=\"g1-space \" style=\"margin-top:-15px;\"><\/span>\n<table border=\"0\" width=\"100%\">\n<tbody>\n<tr>\n<td width=\"128\"><a href=\"http:\/\/novalmendro.com\/fr\/amandier\/varietes-damandier\/lauranne-avijor\/\"><img loading=\"lazy\" decoding=\"async\" class=\"aligncenter wp-image-7838\" src=\"https:\/\/novalmendro.com\/wp-content\/uploads\/\/VariedadesAlmendro_Laurane-150x150.jpg\" alt=\"VariedadesAlmendro_Avijor\" width=\"125\" height=\"125\" srcset=\"https:\/\/novalmendro.com\/wp-content\/uploads\/VariedadesAlmendro_Laurane-150x150.jpg 150w, https:\/\/novalmendro.com\/wp-content\/uploads\/VariedadesAlmendro_Laurane-55x55.jpg 55w, https:\/\/novalmendro.com\/wp-content\/uploads\/VariedadesAlmendro_Laurane-239x239.jpg 239w, https:\/\/novalmendro.com\/wp-content\/uploads\/VariedadesAlmendro_Laurane.jpg 256w\" sizes=\"auto, (max-width: 125px) 100vw, 125px\" \/><\/a><\/td>\n<td width=\"128\"><a href=\"http:\/\/novalmendro.com\/fr\/amandier\/varietes-damandier\/soleta\/\"><img loading=\"lazy\" decoding=\"async\" class=\"aligncenter wp-image-7832\" src=\"https:\/\/novalmendro.com\/wp-content\/uploads\/\/VariedadesAlmendro_Soleta-150x150.jpg\" alt=\"VariedadesAlmendro_Soleta\" width=\"125\" height=\"120\" srcset=\"https:\/\/novalmendro.com\/wp-content\/uploads\/VariedadesAlmendro_Soleta-55x53.jpg 55w, https:\/\/novalmendro.com\/wp-content\/uploads\/VariedadesAlmendro_Soleta-239x230.jpg 239w, https:\/\/novalmendro.com\/wp-content\/uploads\/VariedadesAlmendro_Soleta.jpg 266w\" sizes=\"auto, (max-width: 125px) 100vw, 125px\" \/><\/a><\/td>\n<td width=\"128\"><a href=\"http:\/\/novalmendro.com\/fr\/amandier\/varietes-damandier\/guara\/\"><img loading=\"lazy\" decoding=\"async\" class=\"aligncenter wp-image-7836\" src=\"https:\/\/novalmendro.com\/wp-content\/uploads\/\/VariedadesAlmendro_Guara-150x150.jpg\" alt=\"VariedadesAlmendro_Guara\" width=\"125\" height=\"122\" srcset=\"https:\/\/novalmendro.com\/wp-content\/uploads\/VariedadesAlmendro_Guara-55x55.jpg 55w, https:\/\/novalmendro.com\/wp-content\/uploads\/VariedadesAlmendro_Guara-239x233.jpg 239w, https:\/\/novalmendro.com\/wp-content\/uploads\/VariedadesAlmendro_Guara.jpg 263w\" sizes=\"auto, (max-width: 125px) 100vw, 125px\" \/><\/a><\/td>\n<td width=\"128\"><a href=\"http:\/\/novalmendro.com\/fr\/amandier\/varietes-damandier\/belona\/\"><img loading=\"lazy\" decoding=\"async\" class=\"aligncenter wp-image-7834\" src=\"https:\/\/novalmendro.com\/wp-content\/uploads\/\/VariedadesAlmendro_Belona-150x150.jpg\" alt=\"VariedadesAlmendro_Belona\" width=\"125\" height=\"122\" srcset=\"https:\/\/novalmendro.com\/wp-content\/uploads\/VariedadesAlmendro_Belona-55x55.jpg 55w, https:\/\/novalmendro.com\/wp-content\/uploads\/VariedadesAlmendro_Belona-239x234.jpg 239w, https:\/\/novalmendro.com\/wp-content\/uploads\/VariedadesAlmendro_Belona.jpg 262w\" sizes=\"auto, (max-width: 125px) 100vw, 125px\" \/><\/a><\/td>\n<\/tr>\n<tr>\n<td style=\"text-align: center;\" width=\"128\"><strong><a title=\"Avijor - Todolivo\" href=\"http:\/\/novalmendro.com\/fr\/amandier\/varietes-damandier\/lauranne-avijor\/\">Avijor<\/a><\/strong><\/td>\n<td style=\"text-align: center;\" width=\"128\"><span style=\"color: #ffffff;\"><strong><span style=\"background-color: #000000;\"><a style=\"color: #ffffff;\" title=\"Soleta\u00ae - Todolivo\" href=\"http:\/\/novalmendro.com\/fr\/amandier\/varietes-damandier\/soleta\/\"><strong>Soleta\u00ae<\/strong><\/a><\/span><\/strong><\/span><\/td>\n<td style=\"text-align: center;\" width=\"128\"><strong><a title=\"Guara\u00ae - Todolivo\" href=\"http:\/\/novalmendro.com\/fr\/amandier\/varietes-damandier\/guara\/\">Guara\u00ae<\/a><\/strong><\/td>\n<td style=\"text-align: center;\" width=\"128\"><strong><a title=\"Belona\u00ae - Todolivo\" href=\"http:\/\/novalmendro.com\/fr\/amandier\/varietes-damandier\/belona\/\">Belona\u00ae<\/a><\/strong><\/td>\n<\/tr>\n<\/tbody>\n<\/table>\n<div id=\"g1-divider-2\" class=\"g1-divider g1-divider--none g1-divider--noicon \"><\/div>\n","protected":false},"excerpt":{"rendered":"<p>Soleta\u00ae (Obtenu par le CITA d&rsquo;Aragon) C\u2019est une vari\u00e9t\u00e9 pr\u00e9coce, auto-fertile, de floraison tardive, de maturation semi-tardive et de haute productivit\u00e9. Elle poss\u00e8de une certaine r\u00e9sistance aux gel\u00e9es, l\u2019alternance moyenne-haute et une r\u00e9colte facile. Le fruit poss\u00e8de d\u2019excellentes caract\u00e9ristiques organoleptiques. Avijor Soleta\u00ae Guara\u00ae Belona\u00ae<\/p>\n","protected":false},"author":1,"featured_media":0,"parent":4086,"menu_order":0,"comment_status":"closed","ping_status":"closed","template":"","meta":{"footnotes":""},"class_list":["post-4107","page","type-page","status-publish"],"_links":{"self":[{"href":"https:\/\/novalmendro.com\/fr\/wp-json\/wp\/v2\/pages\/4107","targetHints":{"allow":["GET"]}}],"collection":[{"href":"https:\/\/novalmendro.com\/fr\/wp-json\/wp\/v2\/pages"}],"about":[{"href":"https:\/\/novalmendro.com\/fr\/wp-json\/wp\/v2\/types\/page"}],"author":[{"embeddable":true,"href":"https:\/\/novalmendro.com\/fr\/wp-json\/wp\/v2\/users\/1"}],"replies":[{"embeddable":true,"href":"https:\/\/novalmendro.com\/fr\/wp-json\/wp\/v2\/comments?post=4107"}],"version-history":[{"count":4,"href":"https:\/\/novalmendro.com\/fr\/wp-json\/wp\/v2\/pages\/4107\/revisions"}],"predecessor-version":[{"id":12439,"href":"https:\/\/novalmendro.com\/fr\/wp-json\/wp\/v2\/pages\/4107\/revisions\/12439"}],"up":[{"embeddable":true,"href":"https:\/\/novalmendro.com\/fr\/wp-json\/wp\/v2\/pages\/4086"}],"wp:attachment":[{"href":"https:\/\/novalmendro.com\/fr\/wp-json\/wp\/v2\/media?parent=4107"}],"curies":[{"name":"wp","href":"https:\/\/api.w.org\/{rel}","templated":true}]}}