{"id":9157,"date":"2015-07-31T09:33:10","date_gmt":"2015-07-31T08:33:10","guid":{"rendered":"http:\/\/novalmendro.com\/pt-pt\/?page_id=9157"},"modified":"2015-08-11T12:15:00","modified_gmt":"2015-08-11T11:15:00","slug":"evolucao-da-oferta-e-da-procura","status":"publish","type":"page","link":"https:\/\/novalmendro.com\/pt-pt\/amendoal\/evolucao-da-oferta-e-da-procura\/","title":{"rendered":"Evolu\u00e7\u00e3o da oferta e da procura"},"content":{"rendered":"<div id=\"g1-tabs-1\" class=\"g1-tabs g1-tabs--button g1-type--click g1-tabs--horizontal g1-tabs--top g1-align-left \">\n<div id=\"tab-title-counter-1\" class=\"g1-tab-title \">\n<p>Oferta e Procura<\/p>\n<\/div>\n<div id=\"tab-content-counter-1\" class=\"g1-tab-content \">\n<h2 style=\"text-align: center;\">EVOLU\u00c7\u00c3O DA OFERTA E DA PROCURA MUNDIAL DE AM\u00caNDOA E PREVIS\u00c3O PARA 2014-2017<\/h2>\n<p style=\"text-align: center;\">Nos \u00faltimos 15 anos verificou-se um certo equil\u00edbrio entre a oferta e a procura, isto \u00e9, quando a oferta aumentou a procura tamb\u00e9m aumentou. Atualmente a procura \u00e9 maior do que a oferta estimando-se que esta diferen\u00e7a tender\u00e1 a acentuar-se nos pr\u00f3ximos anos, de acordo com o Australian Almonds.<\/p>\n<p style=\"text-align: center;\"><img loading=\"lazy\" decoding=\"async\" class=\"alignnone size-full wp-image-11647\" src=\"http:\/\/novalmendro.com\/wp-content\/uploads\/almendra_oferta-demanda_pt.jpg\" alt=\"almendra_oferta-demanda_pt\" width=\"800\" height=\"510\" srcset=\"https:\/\/novalmendro.com\/wp-content\/uploads\/almendra_oferta-demanda_pt.jpg 800w, https:\/\/novalmendro.com\/wp-content\/uploads\/almendra_oferta-demanda_pt-300x191.jpg 300w, https:\/\/novalmendro.com\/wp-content\/uploads\/almendra_oferta-demanda_pt-636x405.jpg 636w, https:\/\/novalmendro.com\/wp-content\/uploads\/almendra_oferta-demanda_pt-320x204.jpg 320w, https:\/\/novalmendro.com\/wp-content\/uploads\/almendra_oferta-demanda_pt-239x152.jpg 239w\" sizes=\"auto, (max-width: 800px) 100vw, 800px\" \/><\/p>\n<\/div>\n<div id=\"tab-title-counter-2\" class=\"g1-tab-title \">\n<p>Evolu\u00e7\u00e3o dos pre\u00e7os<\/p>\n<\/div>\n<div id=\"tab-content-counter-2\" class=\"g1-tab-content \">\n<h2 style=\"text-align: center;\"><strong>EVOLU\u00c7\u00c3O DOS PRE\u00c7OS DA AM\u00caNDOA (SEM CASCA)<\/strong><\/h2>\n<p>&nbsp;<\/p>\n<p><img loading=\"lazy\" decoding=\"async\" class=\"aligncenter size-full wp-image-11648\" src=\"http:\/\/novalmendro.com\/wp-content\/uploads\/almendra_precios_pt.jpg\" alt=\"almendra_precios_pt\" width=\"750\" height=\"388\" srcset=\"https:\/\/novalmendro.com\/wp-content\/uploads\/almendra_precios_pt.jpg 750w, https:\/\/novalmendro.com\/wp-content\/uploads\/almendra_precios_pt-300x155.jpg 300w, https:\/\/novalmendro.com\/wp-content\/uploads\/almendra_precios_pt-636x329.jpg 636w, https:\/\/novalmendro.com\/wp-content\/uploads\/almendra_precios_pt-320x166.jpg 320w, https:\/\/novalmendro.com\/wp-content\/uploads\/almendra_precios_pt-239x124.jpg 239w\" sizes=\"auto, (max-width: 750px) 100vw, 750px\" \/><\/p>\n<p>&nbsp;<\/p>\n\n<table id=\"tablepress-420\" class=\"tablepress tablepress-id-420 tablepress-responsive\">\n<thead>\n<tr class=\"row-1\">\n\t<th class=\"column-1\">Variedades<\/th><th class=\"column-2\">2009<\/th><th class=\"column-3\">2010<\/th><th class=\"column-4\">2011<\/th><th class=\"column-5\">2012<\/th><th class=\"column-6\">2013<\/th><th class=\"column-7\">2014<\/th>\n<\/tr>\n<\/thead>\n<tbody class=\"row-striping row-hover\">\n<tr class=\"row-2\">\n\t<td class=\"column-1\">Comum<\/td><td class=\"column-2\">2,22<\/td><td class=\"column-3\">2,77<\/td><td class=\"column-4\">2,76<\/td><td class=\"column-5\">3,63<\/td><td class=\"column-6\">5,26<\/td><td class=\"column-7\">6,08<\/td>\n<\/tr>\n<tr class=\"row-3\">\n\t<td class=\"column-1\">Llargueta<\/td><td class=\"column-2\">3,15<\/td><td class=\"column-3\">3,48<\/td><td class=\"column-4\">2,83<\/td><td class=\"column-5\">3,78<\/td><td class=\"column-6\">6,13<\/td><td class=\"column-7\">6,92<\/td>\n<\/tr>\n<tr class=\"row-4\">\n\t<td class=\"column-1\">Marcona<\/td><td class=\"column-2\">3,19<\/td><td class=\"column-3\">3,58<\/td><td class=\"column-4\">2,83<\/td><td class=\"column-5\">3,96<\/td><td class=\"column-6\">6,69<\/td><td class=\"column-7\">7,85<\/td>\n<\/tr>\n<\/tbody>\n<\/table>\n\n<pre>Fonte: Lonja de Reus<\/pre>\n<\/div>\n<\/div>\n","protected":false},"excerpt":{"rendered":"","protected":false},"author":1,"featured_media":0,"parent":9132,"menu_order":0,"comment_status":"closed","ping_status":"closed","template":"","meta":{"footnotes":""},"class_list":["post-9157","page","type-page","status-publish"],"_links":{"self":[{"href":"https:\/\/novalmendro.com\/pt-pt\/wp-json\/wp\/v2\/pages\/9157","targetHints":{"allow":["GET"]}}],"collection":[{"href":"https:\/\/novalmendro.com\/pt-pt\/wp-json\/wp\/v2\/pages"}],"about":[{"href":"https:\/\/novalmendro.com\/pt-pt\/wp-json\/wp\/v2\/types\/page"}],"author":[{"embeddable":true,"href":"https:\/\/novalmendro.com\/pt-pt\/wp-json\/wp\/v2\/users\/1"}],"replies":[{"embeddable":true,"href":"https:\/\/novalmendro.com\/pt-pt\/wp-json\/wp\/v2\/comments?post=9157"}],"version-history":[{"count":3,"href":"https:\/\/novalmendro.com\/pt-pt\/wp-json\/wp\/v2\/pages\/9157\/revisions"}],"predecessor-version":[{"id":11649,"href":"https:\/\/novalmendro.com\/pt-pt\/wp-json\/wp\/v2\/pages\/9157\/revisions\/11649"}],"up":[{"embeddable":true,"href":"https:\/\/novalmendro.com\/pt-pt\/wp-json\/wp\/v2\/pages\/9132"}],"wp:attachment":[{"href":"https:\/\/novalmendro.com\/pt-pt\/wp-json\/wp\/v2\/media?parent=9157"}],"curies":[{"name":"wp","href":"https:\/\/api.w.org\/{rel}","templated":true}]}}