{"id":9168,"date":"2015-07-31T09:53:53","date_gmt":"2015-07-31T08:53:53","guid":{"rendered":"http:\/\/novalmendro.com\/pt-pt\/?page_id=9168"},"modified":"2016-02-22T11:20:36","modified_gmt":"2016-02-22T10:20:36","slug":"variedades-de-amendoeiras","status":"publish","type":"page","link":"https:\/\/novalmendro.com\/pt-pt\/amendoal\/variedades-de-amendoeiras\/","title":{"rendered":"Variedades de Amendoeiras"},"content":{"rendered":"<p><img loading=\"lazy\" decoding=\"async\" class=\"alignright size-full wp-image-11652\" src=\"http:\/\/novalmendro.com\/wp-content\/uploads\/16_1_pt.jpg\" alt=\"16_1_pt\" width=\"450\" height=\"398\" srcset=\"https:\/\/novalmendro.com\/wp-content\/uploads\/16_1_pt.jpg 450w, https:\/\/novalmendro.com\/wp-content\/uploads\/16_1_pt-300x265.jpg 300w, https:\/\/novalmendro.com\/wp-content\/uploads\/16_1_pt-320x283.jpg 320w, https:\/\/novalmendro.com\/wp-content\/uploads\/16_1_pt-239x211.jpg 239w\" sizes=\"auto, (max-width: 450px) 100vw, 450px\" \/>\u00a0A <strong>Novalmendro<\/strong> disp\u00f5e de <strong>in\u00fameras variedades <\/strong>de amendoeiras. Para planta\u00e7\u00f5es em sebe <strong>destacam-se as seguintes<\/strong>:<\/p>\n<p>Avijor\u00ae Soleta\u00ae Guara\u00ae Belona\u00ae<\/p>\n<p>Devido \u00e0 sua <strong>precocidade, produtividade, auto-fertilidade, flora\u00e7\u00e3o tardia e qualidade da semente<\/strong>;<\/p>\n<p><strong>Para compassos intensivos <\/strong>utilizamos a Marinada, Vairo, Constant\u00ed del IRTA, Marta e Anto\u00f1eta de CEBAS. Todos elas autof\u00e9rteis e de flora\u00e7\u00e3o tardia.<\/p>\n<p>Todas as nossas variedades prov\u00eam de uma <strong>meticulosa sele\u00e7\u00e3o gen\u00e9tica <\/strong>e gozam de excelente <strong>homogeneidade <\/strong>e <strong>produtividade<\/strong>.<\/p>\n<p>As nossas plantas gozam de excelente fitossanidade uma vez que s\u00e3o submetidas a rigorosos controlos fitossanit\u00e1rios. Todas elas possuem o respetivo <strong>&#8220;Certificado fitossanit\u00e1rio<strong>&#8220;<\/strong><\/strong>.<\/p>\n<p>As nossas variedades s\u00e3o enxertadas em diferentes porta-enxertos para nanismo (Rootpac 20 \u00e9 o mais utilizado em sebe)<\/p>\n<div id=\"g1-divider-1\" class=\"g1-divider g1-divider--none g1-divider--noicon \"><\/div>\n<span id=\"g1-space-1\" class=\"g1-space \" style=\"margin-top:-15px;\"><\/span>\n<table border=\"0\" width=\"100%\">\n<tbody>\n<tr>\n<td width=\"128\"><a href=\"http:\/\/novalmendro.com\/pt-pt\/amendoal\/variedades-de-amendoeiras\/avijor\/\"><img loading=\"lazy\" decoding=\"async\" class=\"aligncenter wp-image-7838\" src=\"https:\/\/novalmendro.com\/wp-content\/uploads\/\/VariedadesAlmendro_Laurane-150x150.jpg\" alt=\"VariedadesAlmendro_Avijor\u00ae\" width=\"125\" height=\"125\" srcset=\"https:\/\/novalmendro.com\/wp-content\/uploads\/VariedadesAlmendro_Laurane-150x150.jpg 150w, https:\/\/novalmendro.com\/wp-content\/uploads\/VariedadesAlmendro_Laurane-55x55.jpg 55w, https:\/\/novalmendro.com\/wp-content\/uploads\/VariedadesAlmendro_Laurane-239x239.jpg 239w, https:\/\/novalmendro.com\/wp-content\/uploads\/VariedadesAlmendro_Laurane.jpg 256w\" sizes=\"auto, (max-width: 125px) 100vw, 125px\" \/><\/a><\/td>\n<td width=\"128\"><a href=\"http:\/\/novalmendro.com\/pt-pt\/amendoal\/variedades-de-amendoeiras\/soleta\/\"><img loading=\"lazy\" decoding=\"async\" class=\"aligncenter wp-image-7832\" src=\"https:\/\/novalmendro.com\/wp-content\/uploads\/\/VariedadesAlmendro_Soleta-150x150.jpg\" alt=\"VariedadesAlmendro_Soleta\" width=\"125\" height=\"120\" srcset=\"https:\/\/novalmendro.com\/wp-content\/uploads\/VariedadesAlmendro_Soleta-55x53.jpg 55w, https:\/\/novalmendro.com\/wp-content\/uploads\/VariedadesAlmendro_Soleta-239x230.jpg 239w, https:\/\/novalmendro.com\/wp-content\/uploads\/VariedadesAlmendro_Soleta.jpg 266w\" sizes=\"auto, (max-width: 125px) 100vw, 125px\" \/><\/a><\/td>\n<td width=\"128\"><a href=\"http:\/\/novalmendro.com\/pt-pt\/amendoal\/variedades-de-amendoeiras\/guara\/\"><img loading=\"lazy\" decoding=\"async\" class=\"aligncenter wp-image-7836\" src=\"https:\/\/novalmendro.com\/wp-content\/uploads\/\/VariedadesAlmendro_Guara-150x150.jpg\" alt=\"VariedadesAlmendro_Guara\" width=\"125\" height=\"122\" srcset=\"https:\/\/novalmendro.com\/wp-content\/uploads\/VariedadesAlmendro_Guara-55x55.jpg 55w, https:\/\/novalmendro.com\/wp-content\/uploads\/VariedadesAlmendro_Guara-239x233.jpg 239w, https:\/\/novalmendro.com\/wp-content\/uploads\/VariedadesAlmendro_Guara.jpg 263w\" sizes=\"auto, (max-width: 125px) 100vw, 125px\" \/><\/a><\/td>\n<td width=\"128\"><a href=\"http:\/\/novalmendro.com\/pt-pt\/amendoal\/variedades-de-amendoeiras\/belona\/\"><img loading=\"lazy\" decoding=\"async\" class=\"aligncenter wp-image-7834\" src=\"https:\/\/novalmendro.com\/wp-content\/uploads\/\/VariedadesAlmendro_Belona-150x150.jpg\" alt=\"VariedadesAlmendro_Belona\" width=\"125\" height=\"122\" srcset=\"https:\/\/novalmendro.com\/wp-content\/uploads\/VariedadesAlmendro_Belona-55x55.jpg 55w, https:\/\/novalmendro.com\/wp-content\/uploads\/VariedadesAlmendro_Belona-239x234.jpg 239w, https:\/\/novalmendro.com\/wp-content\/uploads\/VariedadesAlmendro_Belona.jpg 262w\" sizes=\"auto, (max-width: 125px) 100vw, 125px\" \/><\/a><\/td>\n<\/tr>\n<tr>\n<td style=\"text-align: center;\" width=\"128\"><strong><a title=\"Avijor\u00ae - Todolivo\" href=\"http:\/\/novalmendro.com\/pt-pt\/amendoal\/variedades-de-amendoeiras\/avijor\/\">Avijor\u00ae<\/a><\/strong><\/td>\n<td style=\"text-align: center;\" width=\"128\"><a title=\"Soleta\u00ae - Todolivo\" href=\"http:\/\/novalmendro.com\/pt-pt\/amendoal\/variedades-de-amendoeiras\/soleta\/\"><strong>Soleta\u00ae<\/strong><\/a><\/td>\n<td style=\"text-align: center;\" width=\"128\"><strong><a title=\"Guara\u00ae - Todolivo\" href=\"http:\/\/novalmendro.com\/pt-pt\/amendoal\/variedades-de-amendoeiras\/guara\/\">Guara\u00ae<\/a><\/strong><\/td>\n<td style=\"text-align: center;\" width=\"128\"><strong><a title=\"Belona\u00ae - Todolivo\" href=\"http:\/\/novalmendro.com\/pt-pt\/amendoal\/variedades-de-amendoeiras\/belona\/\">Belona\u00ae<\/a><\/strong><\/td>\n<\/tr>\n<\/tbody>\n<\/table>\n<div id=\"g1-divider-2\" class=\"g1-divider g1-divider--none g1-divider--noicon \"><\/div>\n<ul class=\"g1-grid\"><li class=\"g1-column g1-one-half g1-valign-top\">\n<style type=\"text\/css\" scoped=\"scoped\">#g1-button-1.g1-button {color: #000000; border-color: #0caf00;}<\/style><a id=\"g1-button-1\" class=\"g1-button g1-button--medium g1-button--simple g1-button--simple \" href=\"http:\/\/novalmendro.com\/pt-pt\/amendoal\/comparacao-entre-variedades\/\" ><i class=\"fa fa-info-circle\"><\/i>Ver compara\u00e7\u00e3o das variedades<\/a>\n<\/li><!-- -->\n<li class=\"g1-column g1-one-half g1-valign-top\">\n<div align=\"center\"><a class=\"boton\" href=\"http:\/\/novalmendro.com\/pt-pt\/solicitar-mais-informacoes\/\" target=\"new\"><img loading=\"lazy\" decoding=\"async\" class=\"alignleft wp-image-6678\" style=\"margin-top: -12px;\" src=\"https:\/\/novalmendro.com\/wp-content\/uploads\/boton-info.png\" alt=\"boton info\" width=\"50\" height=\"48\" srcset=\"https:\/\/novalmendro.com\/wp-content\/uploads\/boton-info.png 60w, https:\/\/novalmendro.com\/wp-content\/uploads\/boton-info-55x53.png 55w\" sizes=\"auto, (max-width: 50px) 100vw, 50px\" \/><span style=\"color: #ffffff;\">Solicitar mais informa\u00e7\u00f5es<\/span><\/a><\/div>\n<\/li><!-- --><\/ul>\n","protected":false},"excerpt":{"rendered":"<p>\u00a0A Novalmendro disp\u00f5e de in\u00fameras variedades de amendoeiras. Para planta\u00e7\u00f5es em sebe destacam-se as seguintes: Avijor\u00ae Soleta\u00ae Guara\u00ae Belona\u00ae Devido \u00e0 sua precocidade, produtividade, auto-fertilidade, flora\u00e7\u00e3o tardia e qualidade da semente; Para compassos intensivos utilizamos a Marinada, Vairo, Constant\u00ed del IRTA, Marta e Anto\u00f1eta de CEBAS. Todos elas autof\u00e9rteis e de flora\u00e7\u00e3o tardia. Todas as [&hellip;]<\/p>\n","protected":false},"author":1,"featured_media":0,"parent":9132,"menu_order":0,"comment_status":"closed","ping_status":"closed","template":"","meta":{"footnotes":""},"class_list":["post-9168","page","type-page","status-publish"],"_links":{"self":[{"href":"https:\/\/novalmendro.com\/pt-pt\/wp-json\/wp\/v2\/pages\/9168","targetHints":{"allow":["GET"]}}],"collection":[{"href":"https:\/\/novalmendro.com\/pt-pt\/wp-json\/wp\/v2\/pages"}],"about":[{"href":"https:\/\/novalmendro.com\/pt-pt\/wp-json\/wp\/v2\/types\/page"}],"author":[{"embeddable":true,"href":"https:\/\/novalmendro.com\/pt-pt\/wp-json\/wp\/v2\/users\/1"}],"replies":[{"embeddable":true,"href":"https:\/\/novalmendro.com\/pt-pt\/wp-json\/wp\/v2\/comments?post=9168"}],"version-history":[{"count":9,"href":"https:\/\/novalmendro.com\/pt-pt\/wp-json\/wp\/v2\/pages\/9168\/revisions"}],"predecessor-version":[{"id":12445,"href":"https:\/\/novalmendro.com\/pt-pt\/wp-json\/wp\/v2\/pages\/9168\/revisions\/12445"}],"up":[{"embeddable":true,"href":"https:\/\/novalmendro.com\/pt-pt\/wp-json\/wp\/v2\/pages\/9132"}],"wp:attachment":[{"href":"https:\/\/novalmendro.com\/pt-pt\/wp-json\/wp\/v2\/media?parent=9168"}],"curies":[{"name":"wp","href":"https:\/\/api.w.org\/{rel}","templated":true}]}}