{"id":9184,"date":"2015-07-31T10:06:08","date_gmt":"2015-07-31T09:06:08","guid":{"rendered":"http:\/\/novalmendro.com\/pt-pt\/?page_id=9184"},"modified":"2016-02-22T11:20:40","modified_gmt":"2016-02-22T10:20:40","slug":"avijor","status":"publish","type":"page","link":"https:\/\/novalmendro.com\/pt-pt\/amendoal\/variedades-de-amendoeiras\/avijor\/","title":{"rendered":"Avijor\u00ae"},"content":{"rendered":"<h2><img loading=\"lazy\" decoding=\"async\" class=\"circleimage alignleft wp-image-7865\" style=\"margin-left: 15px; margin-right: 15px;\" src=\"https:\/\/novalmendro.com\/wp-content\/uploads\/\/18_11-150x150.jpg\" alt=\"18_11\" width=\"210\" height=\"210\" srcset=\"https:\/\/novalmendro.com\/wp-content\/uploads\/18_11-150x150.jpg 150w, https:\/\/novalmendro.com\/wp-content\/uploads\/18_11-55x55.jpg 55w, https:\/\/novalmendro.com\/wp-content\/uploads\/18_11.jpg 172w\" sizes=\"auto, (max-width: 210px) 100vw, 210px\" \/>Avijor\u00ae ( Ch. Grasselly em INRA de Avignon)<\/h2>\n<p>\u00c9 uma variedade muito precoce, de elevada produ\u00e7\u00e3o, autof\u00e9rtil, de flora\u00e7\u00e3o tardia, baixa altern\u00e2ncia e f\u00e1cil colheita. Muito tolerante \u00e0 <em>Mancha Amarelada<\/em>. Elevada resist\u00eancia \u00e0 geada. Boa qualidade do fruto.<\/p>\n<span id=\"g1-space-1\" class=\"g1-space \" style=\"height:60px;\"><\/span>\n<div id=\"g1-tabs-1\" class=\"g1-tabs g1-tabs--simple g1-type--click g1-tabs--horizontal g1-tabs--top g1-align-left \">\n<div id=\"tab-title-counter-1\" class=\"g1-tab-title \">\n<p>Ficha T\u00e9cnica<\/p>\n<\/div>\n<div id=\"tab-content-counter-1\" class=\"g1-tab-content \">\n<h3>Principais caracter\u00edsticas<\/h3>\n<ul class=\"g1-grid\"><li class=\"g1-column g1-two-third g1-valign-top\">\n<table style=\"padding-left: 60px;\" border=\"0\" width=\"100%\">\n<tbody style=\"padding-left: 60px;\">\n<tr style=\"padding-left: 60px;\">\n<td style=\"padding-left: 60px;\" width=\"19%\">Vigor:<\/td>\n<td style=\"padding-left: 60px;\" width=\"81%\">elevado<\/td>\n<\/tr>\n<tr style=\"padding-left: 60px;\">\n<td style=\"padding-left: 60px;\">Porte:<\/td>\n<td style=\"padding-left: 60px;\">ereto<\/td>\n<\/tr>\n<tr style=\"padding-left: 60px;\">\n<td style=\"padding-left: 60px;\">Ramagem:<\/td>\n<td style=\"padding-left: 60px;\">m\u00e9dia e de poda f\u00e1cil<\/td>\n<\/tr>\n<tr style=\"padding-left: 60px;\">\n<td style=\"padding-left: 60px;\">Flora\u00e7\u00e3o:<\/td>\n<td style=\"padding-left: 60px;\">tardia (2-3 dias a mais do que a Guara)<\/td>\n<\/tr>\n<tr style=\"padding-left: 60px;\">\n<td style=\"padding-left: 60px;\">Matura\u00e7\u00e3o:<\/td>\n<td style=\"padding-left: 60px;\">m\u00e9dia (fim de agosto)<\/td>\n<\/tr>\n<tr style=\"padding-left: 60px;\">\n<td style=\"padding-left: 60px;\">Casca:<\/td>\n<td style=\"padding-left: 60px;\">semi-dura<\/td>\n<\/tr>\n<tr style=\"padding-left: 60px;\">\n<td style=\"padding-left: 60px;\">Rendimento:<\/td>\n<td style=\"padding-left: 60px;\">29-35%<\/td>\n<\/tr>\n<tr style=\"padding-left: 60px;\">\n<td style=\"padding-left: 60px;\">Produ\u00e7\u00e3o:<\/td>\n<td style=\"padding-left: 60px;\">muito alta<\/td>\n<\/tr>\n<tr style=\"padding-left: 60px;\">\n<td style=\"padding-left: 60px;\">Frutifica\u00e7\u00e3o:<\/td>\n<td style=\"padding-left: 60px;\">em ramalhetes de maio, ramos mistos e madeira jovem<\/td>\n<\/tr>\n<tr style=\"padding-left: 60px;\">\n<td style=\"padding-left: 60px;\">Toler\u00e2ncia:<\/td>\n<td style=\"padding-left: 60px;\">elevada \u00e0 Mancha Amarelada. Muito elevada ao frio<\/td>\n<\/tr>\n<tr style=\"padding-left: 60px;\">\n<td style=\"padding-left: 60px;\">Suscetibilidade:<\/td>\n<td style=\"padding-left: 60px;\">muito sens\u00edvel ao cancro (Fusicoccum)<\/td>\n<\/tr>\n<\/tbody>\n<\/table>\n<\/li><!-- --><li class=\"g1-column g1-one-third g1-valign-top\">\n<p><img loading=\"lazy\" decoding=\"async\" class=\"estilo-imagen aligncenter wp-image-7869 size-full\" src=\"http:\/\/novalmendro.com\/wp-content\/uploads\/18_12.jpg\" alt=\"18_12\" width=\"191\" height=\"275\" srcset=\"https:\/\/novalmendro.com\/wp-content\/uploads\/18_12.jpg 191w, https:\/\/novalmendro.com\/wp-content\/uploads\/18_12-51x73.jpg 51w\" sizes=\"auto, (max-width: 191px) 100vw, 191px\" \/><br \/>\n<\/li><!-- --><\/ul><\/p>\n<\/div>\n<div id=\"tab-title-counter-2\" class=\"g1-tab-title \">\n<p>Fruto<\/p>\n<\/div>\n<div id=\"tab-content-counter-2\" class=\"g1-tab-content \">\n<h3>Caracter\u00edsticas do fruto<\/h3>\n<p><ul class=\"g1-grid\"><li class=\"g1-column g1-one-half g1-valign-top\"><span id=\"g1-space-2\" class=\"g1-space \" style=\"height:20px;\"><\/span><\/p>\n<table style=\"padding-left: 60px;\" border=\"0\" width=\"100%\">\n<tbody style=\"padding-left: 60px;\">\n<tr style=\"padding-left: 60px;\">\n<td style=\"padding-left: 60px;\" width=\"50%\">Forma:<\/td>\n<td style=\"padding-left: 60px;\" width=\"50%\">estreita e alongada<\/td>\n<\/tr>\n<tr style=\"padding-left: 60px;\">\n<td style=\"padding-left: 60px;\">Tamanho:<\/td>\n<td style=\"padding-left: 60px;\">m\u00e9dio a pequeno<\/td>\n<\/tr>\n<tr style=\"padding-left: 60px;\">\n<td style=\"padding-left: 60px;\">Peso m\u00e9dio do fruto:<\/td>\n<td style=\"padding-left: 60px;\">0,90 g<\/td>\n<\/tr>\n<tr style=\"padding-left: 60px;\">\n<td style=\"padding-left: 60px;\">Sementes duplas:<\/td>\n<td style=\"padding-left: 60px;\">0-2%<\/td>\n<\/tr>\n<tr style=\"padding-left: 60px;\">\n<td style=\"padding-left: 60px;\">Sabor:<\/td>\n<td style=\"padding-left: 60px;\">muito agrad\u00e1vel<\/td>\n<\/tr>\n<\/tbody>\n<\/table>\n<\/li><!-- --><li class=\"g1-column g1-one-half g1-valign-top\"> <img loading=\"lazy\" decoding=\"async\" class=\"estilo-imagen aligncenter wp-image-3839 size-full\" src=\"http:\/\/novalmendro.com\/wp-content\/uploads\/18_2.jpg\" alt=\"18_2\" width=\"275\" height=\"218\" srcset=\"https:\/\/novalmendro.com\/wp-content\/uploads\/18_2.jpg 275w, https:\/\/novalmendro.com\/wp-content\/uploads\/18_2-55x43.jpg 55w, https:\/\/novalmendro.com\/wp-content\/uploads\/18_2-239x189.jpg 239w\" sizes=\"auto, (max-width: 275px) 100vw, 275px\" \/> <\/li><!-- --><\/ul><\/p>\n<\/div>\n<\/div>\n<div id=\"g1-divider-1\" class=\"g1-divider g1-divider--none g1-divider--noicon \"><\/div>\n<span id=\"g1-space-3\" class=\"g1-space \" style=\"margin-top:-15px;\"><\/span>\n<table border=\"0\" width=\"100%\">\n<tbody>\n<tr>\n<td width=\"128\"><a href=\"http:\/\/novalmendro.com\/pt-pt\/amendoal\/variedades-de-amendoeiras\/avijor\/\"><img loading=\"lazy\" decoding=\"async\" class=\"aligncenter wp-image-7838\" src=\"https:\/\/novalmendro.com\/wp-content\/uploads\/\/VariedadesAlmendro_Laurane-150x150.jpg\" alt=\"VariedadesAlmendro_Avijor\u00ae\" width=\"125\" height=\"125\" srcset=\"https:\/\/novalmendro.com\/wp-content\/uploads\/VariedadesAlmendro_Laurane-150x150.jpg 150w, https:\/\/novalmendro.com\/wp-content\/uploads\/VariedadesAlmendro_Laurane-55x55.jpg 55w, https:\/\/novalmendro.com\/wp-content\/uploads\/VariedadesAlmendro_Laurane-239x239.jpg 239w, https:\/\/novalmendro.com\/wp-content\/uploads\/VariedadesAlmendro_Laurane.jpg 256w\" sizes=\"auto, (max-width: 125px) 100vw, 125px\" \/><\/a><\/td>\n<td width=\"128\"><a href=\"http:\/\/novalmendro.com\/pt-pt\/amendoal\/variedades-de-amendoeiras\/soleta\/\"><img loading=\"lazy\" decoding=\"async\" class=\"aligncenter wp-image-7832\" src=\"https:\/\/novalmendro.com\/wp-content\/uploads\/\/VariedadesAlmendro_Soleta-150x150.jpg\" alt=\"VariedadesAlmendro_Soleta\" width=\"125\" height=\"120\" srcset=\"https:\/\/novalmendro.com\/wp-content\/uploads\/VariedadesAlmendro_Soleta-55x53.jpg 55w, https:\/\/novalmendro.com\/wp-content\/uploads\/VariedadesAlmendro_Soleta-239x230.jpg 239w, https:\/\/novalmendro.com\/wp-content\/uploads\/VariedadesAlmendro_Soleta.jpg 266w\" sizes=\"auto, (max-width: 125px) 100vw, 125px\" \/><\/a><\/td>\n<td width=\"128\"><a href=\"http:\/\/novalmendro.com\/pt-pt\/amendoal\/variedades-de-amendoeiras\/guara\/\"><img loading=\"lazy\" decoding=\"async\" class=\"aligncenter wp-image-7836\" src=\"https:\/\/novalmendro.com\/wp-content\/uploads\/\/VariedadesAlmendro_Guara-150x150.jpg\" alt=\"VariedadesAlmendro_Guara\" width=\"125\" height=\"122\" srcset=\"https:\/\/novalmendro.com\/wp-content\/uploads\/VariedadesAlmendro_Guara-55x55.jpg 55w, https:\/\/novalmendro.com\/wp-content\/uploads\/VariedadesAlmendro_Guara-239x233.jpg 239w, https:\/\/novalmendro.com\/wp-content\/uploads\/VariedadesAlmendro_Guara.jpg 263w\" sizes=\"auto, (max-width: 125px) 100vw, 125px\" \/><\/a><\/td>\n<td width=\"128\"><a href=\"http:\/\/novalmendro.com\/pt-pt\/amendoal\/variedades-de-amendoeiras\/belona\/\"><img loading=\"lazy\" decoding=\"async\" class=\"aligncenter wp-image-7834\" src=\"https:\/\/novalmendro.com\/wp-content\/uploads\/\/VariedadesAlmendro_Belona-150x150.jpg\" alt=\"VariedadesAlmendro_Belona\" width=\"125\" height=\"122\" srcset=\"https:\/\/novalmendro.com\/wp-content\/uploads\/VariedadesAlmendro_Belona-55x55.jpg 55w, https:\/\/novalmendro.com\/wp-content\/uploads\/VariedadesAlmendro_Belona-239x234.jpg 239w, https:\/\/novalmendro.com\/wp-content\/uploads\/VariedadesAlmendro_Belona.jpg 262w\" sizes=\"auto, (max-width: 125px) 100vw, 125px\" \/><\/a><\/td>\n<\/tr>\n<tr>\n<td style=\"text-align: center;\" width=\"128\"><span style=\"color: #ffffff;\"><strong><span style=\"background-color: #000000;\"><a style=\"color: #ffffff;\" title=\"Avijor\u00ae - Todolivo\" href=\"http:\/\/novalmendro.com\/pt-pt\/amendoal\/variedades-de-amendoeiras\/avijor\/\">Avijor\u00ae<\/a><\/span><\/strong><\/span><\/td>\n<td style=\"text-align: center;\" width=\"128\"><a title=\"Soleta\u00ae - Todolivo\" href=\"http:\/\/novalmendro.com\/pt-pt\/amendoal\/variedades-de-amendoeiras\/soleta\/\"><strong>Soleta\u00ae<\/strong><\/a><\/td>\n<td style=\"text-align: center;\" width=\"128\"><strong><a title=\"Guara\u00ae - Todolivo\" href=\"http:\/\/novalmendro.com\/pt-pt\/amendoal\/variedades-de-amendoeiras\/guara\/\">Guara\u00ae<\/a><\/strong><\/td>\n<td style=\"text-align: center;\" width=\"128\"><strong><a title=\"Belona\u00ae - Todolivo\" href=\"http:\/\/novalmendro.com\/pt-pt\/amendoal\/variedades-de-amendoeiras\/belona\/\">Belona\u00ae<\/a><\/strong><\/td>\n<\/tr>\n<\/tbody>\n<\/table>\n<div id=\"g1-divider-2\" class=\"g1-divider g1-divider--none g1-divider--noicon \"><\/div>\n","protected":false},"excerpt":{"rendered":"<p>Avijor\u00ae ( Ch. Grasselly em INRA de Avignon) \u00c9 uma variedade muito precoce, de elevada produ\u00e7\u00e3o, autof\u00e9rtil, de flora\u00e7\u00e3o tardia, baixa altern\u00e2ncia e f\u00e1cil colheita. Muito tolerante \u00e0 Mancha Amarelada. Elevada resist\u00eancia \u00e0 geada. Boa qualidade do fruto. Avijor\u00ae Soleta\u00ae Guara\u00ae Belona\u00ae<\/p>\n","protected":false},"author":1,"featured_media":0,"parent":9168,"menu_order":0,"comment_status":"closed","ping_status":"closed","template":"","meta":{"footnotes":""},"class_list":["post-9184","page","type-page","status-publish"],"_links":{"self":[{"href":"https:\/\/novalmendro.com\/pt-pt\/wp-json\/wp\/v2\/pages\/9184","targetHints":{"allow":["GET"]}}],"collection":[{"href":"https:\/\/novalmendro.com\/pt-pt\/wp-json\/wp\/v2\/pages"}],"about":[{"href":"https:\/\/novalmendro.com\/pt-pt\/wp-json\/wp\/v2\/types\/page"}],"author":[{"embeddable":true,"href":"https:\/\/novalmendro.com\/pt-pt\/wp-json\/wp\/v2\/users\/1"}],"replies":[{"embeddable":true,"href":"https:\/\/novalmendro.com\/pt-pt\/wp-json\/wp\/v2\/comments?post=9184"}],"version-history":[{"count":3,"href":"https:\/\/novalmendro.com\/pt-pt\/wp-json\/wp\/v2\/pages\/9184\/revisions"}],"predecessor-version":[{"id":12446,"href":"https:\/\/novalmendro.com\/pt-pt\/wp-json\/wp\/v2\/pages\/9184\/revisions\/12446"}],"up":[{"embeddable":true,"href":"https:\/\/novalmendro.com\/pt-pt\/wp-json\/wp\/v2\/pages\/9168"}],"wp:attachment":[{"href":"https:\/\/novalmendro.com\/pt-pt\/wp-json\/wp\/v2\/media?parent=9184"}],"curies":[{"name":"wp","href":"https:\/\/api.w.org\/{rel}","templated":true}]}}