{"id":9186,"date":"2015-07-31T10:23:51","date_gmt":"2015-07-31T09:23:51","guid":{"rendered":"http:\/\/novalmendro.com\/pt-pt\/?page_id=9186"},"modified":"2019-09-23T15:11:12","modified_gmt":"2019-09-23T13:11:12","slug":"guara","status":"publish","type":"page","link":"https:\/\/novalmendro.com\/pt-pt\/amendoal\/variedades-de-amendoeiras\/guara\/","title":{"rendered":"Guara"},"content":{"rendered":"<h2><img loading=\"lazy\" decoding=\"async\" class=\"circleimage alignleft wp-image-7892\" style=\"margin-left: 15px; margin-right: 15px;\" src=\"https:\/\/novalmendro.com\/wp-content\/uploads\/20_11.jpg\" alt=\"20_11\" width=\"210\" height=\"209\" srcset=\"https:\/\/novalmendro.com\/wp-content\/uploads\/20_11.jpg 175w, https:\/\/novalmendro.com\/wp-content\/uploads\/20_11-150x150.jpg 150w, https:\/\/novalmendro.com\/wp-content\/uploads\/20_11-55x55.jpg 55w\" sizes=\"auto, (max-width: 210px) 100vw, 210px\" \/>Guara\u00ae (Obtida pelo CITA de Arag\u00e3o)<\/h2>\n<p>Variedade muito precoce, autof\u00e9rtil, flora\u00e7\u00e3o tardia, matura\u00e7\u00e3o tempor\u00e3 e produtividade elevada-muito elevada. F\u00e1cil de podar e conduzir. Muito \u00e1spera e muito pouco bianual. Resist\u00eancia m\u00e9dia a geadas. Sens\u00edvel \u00e0 Mancha Amarelada<\/p>\n<span id=\"g1-space-1\" class=\"g1-space \" style=\"height:60px;\"><\/span>\n<div id=\"g1-tabs-1\" class=\"g1-tabs g1-tabs--simple g1-type--click g1-tabs--horizontal g1-tabs--top g1-align-left \">\n<div id=\"tab-title-counter-1\" class=\"g1-tab-title \">\n<p>Ficha T\u00e9cnica<\/p>\n<\/div>\n<div id=\"tab-content-counter-1\" class=\"g1-tab-content \">\n<h3>Principais caracter\u00edsticas<\/h3>\n<ul class=\"g1-grid\"><li class=\"g1-column g1-two-third g1-valign-top\">\n<table style=\"padding-left: 60px;\" border=\"0\" width=\"100%\">\n<tbody style=\"padding-left: 60px;\">\n<tr style=\"padding-left: 60px;\">\n<td style=\"padding-left: 60px;\" width=\"19%\">Vigor:<\/td>\n<td style=\"padding-left: 60px;\" width=\"81%\">m\u00e9dio<\/td>\n<\/tr>\n<tr style=\"padding-left: 60px;\">\n<td style=\"padding-left: 60px;\">Porte:<\/td>\n<td style=\"padding-left: 60px;\">muito aberto<\/td>\n<\/tr>\n<tr style=\"padding-left: 60px;\">\n<td style=\"padding-left: 60px;\">Ramagem:<\/td>\n<td style=\"padding-left: 60px;\">m\u00e9dia, baixa<\/td>\n<\/tr>\n<tr style=\"padding-left: 60px;\">\n<td style=\"padding-left: 60px;\">Flora\u00e7\u00e3o:<\/td>\n<td style=\"padding-left: 60px;\">tardia<\/td>\n<\/tr>\n<tr style=\"padding-left: 60px;\">\n<td style=\"padding-left: 60px;\">Matura\u00e7\u00e3o:<\/td>\n<td style=\"padding-left: 60px;\">temper\u00e3 (princ\u00edpio, meados de agosto)<\/td>\n<\/tr>\n<tr style=\"padding-left: 60px;\">\n<td style=\"padding-left: 60px;\">Casca:<\/td>\n<td style=\"padding-left: 60px;\">dura<\/td>\n<\/tr>\n<tr style=\"padding-left: 60px;\">\n<td style=\"padding-left: 60px;\">Rendimento:<\/td>\n<td style=\"padding-left: 60px;\">30-34%<\/td>\n<\/tr>\n<tr style=\"padding-left: 60px;\">\n<td style=\"padding-left: 60px;\">Produ\u00e7\u00e3o:<\/td>\n<td style=\"padding-left: 60px;\">alta &#8211; muito alta<\/td>\n<\/tr>\n<tr style=\"padding-left: 60px;\">\n<td style=\"padding-left: 60px;\">Frutifica\u00e7\u00e3o:<\/td>\n<td style=\"padding-left: 60px;\">localizada no bot\u00e3o floral, ramalhetes de maio e ramos antecipados<\/td>\n<\/tr>\n<tr style=\"padding-left: 60px;\">\n<td style=\"padding-left: 60px;\">Toler\u00e2ncia:<\/td>\n<td style=\"padding-left: 60px;\">m\u00e9dia ao frio<\/td>\n<\/tr>\n<tr style=\"padding-left: 60px;\">\n<td style=\"padding-left: 60px;\">Suscetibilidade:<\/td>\n<td style=\"padding-left: 60px;\">Sens\u00edvel a Manchas Amareladas e ao Fusicoccum<\/td>\n<\/tr>\n<\/tbody>\n<\/table>\n<\/li><!-- --><li class=\"g1-column g1-one-third g1-valign-top\">\n<p><img loading=\"lazy\" decoding=\"async\" class=\"estilo-imagen alignleft wp-image-7895\" style=\"margin-left: 15px; margin-right: 15px;\" src=\"https:\/\/novalmendro.com\/wp-content\/uploads\/20_12.jpg\" alt=\"20_12\" width=\"188\" height=\"250\" srcset=\"https:\/\/novalmendro.com\/wp-content\/uploads\/20_12.jpg 87w, https:\/\/novalmendro.com\/wp-content\/uploads\/20_12-55x73.jpg 55w\" sizes=\"auto, (max-width: 188px) 100vw, 188px\" \/><br \/>\n<\/li><!-- --><\/ul><\/p>\n<\/div>\n<div id=\"tab-title-counter-2\" class=\"g1-tab-title \">\n<p>Fruto<\/p>\n<\/div>\n<div id=\"tab-content-counter-2\" class=\"g1-tab-content \">\n<h3>Caracter\u00edsticas do fruto<\/h3>\n<p><ul class=\"g1-grid\"><li class=\"g1-column g1-one-half g1-valign-top\"><span id=\"g1-space-2\" class=\"g1-space \" style=\"height:20px;\"><\/span><\/p>\n<table style=\"padding-left: 60px;\" border=\"0\" width=\"100%\">\n<tbody style=\"padding-left: 60px;\">\n<tr style=\"padding-left: 60px;\">\n<td style=\"padding-left: 60px;\" width=\"50%\">Forma:<\/td>\n<td style=\"padding-left: 60px;\" width=\"50%\">amigdal\u00f3ide, em forma de cora\u00e7\u00e3o<\/td>\n<\/tr>\n<tr style=\"padding-left: 60px;\">\n<td style=\"padding-left: 60px;\">Tamanho:<\/td>\n<td style=\"padding-left: 60px;\">m\u00e9dio a pequeno<\/td>\n<\/tr>\n<tr style=\"padding-left: 60px;\">\n<td style=\"padding-left: 60px;\">Peso m\u00e9dio do fruto:<\/td>\n<td style=\"padding-left: 60px;\">1,00 g<\/td>\n<\/tr>\n<tr style=\"padding-left: 60px;\">\n<td style=\"padding-left: 60px;\">Sementes duplas:<\/td>\n<td style=\"padding-left: 60px;\">10-20%<\/td>\n<\/tr>\n<tr style=\"padding-left: 60px;\">\n<td style=\"padding-left: 60px;\">Sabor:<\/td>\n<td style=\"padding-left: 60px;\">agrad\u00e1vel<\/td>\n<\/tr>\n<\/tbody>\n<\/table>\n<\/li><!-- --><li class=\"g1-column g1-one-half g1-valign-top\">\n<p><img loading=\"lazy\" decoding=\"async\" class=\"estilo-imagen alignleft wp-image-3880\" style=\"margin-left: 15px; margin-right: 15px;\" src=\"https:\/\/novalmendro.com\/wp-content\/uploads\/20_2.png\" alt=\"20_2\" width=\"300\" height=\"237\" srcset=\"https:\/\/novalmendro.com\/wp-content\/uploads\/20_2.png 249w, https:\/\/novalmendro.com\/wp-content\/uploads\/20_2-55x43.png 55w, https:\/\/novalmendro.com\/wp-content\/uploads\/20_2-239x189.png 239w\" sizes=\"auto, (max-width: 300px) 100vw, 300px\" \/><\/p>\n<\/li><!-- --><\/ul><\/p>\n<\/div>\n<\/div>\n<div id=\"g1-divider-1\" class=\"g1-divider g1-divider--none g1-divider--noicon \"><\/div>\n<span id=\"g1-space-3\" class=\"g1-space \" style=\"margin-top:-15px;\"><\/span>\n<table border=\"0\" width=\"100%\">\n<tbody>\n<tr>\n<td width=\"128\"><a href=\"http:\/\/novalmendro.com\/pt-pt\/amendoal\/variedades-de-amendoeiras\/avijor\/\"><img loading=\"lazy\" decoding=\"async\" class=\"aligncenter wp-image-7838\" src=\"https:\/\/novalmendro.com\/wp-content\/uploads\/\/VariedadesAlmendro_Laurane-150x150.jpg\" alt=\"VariedadesAlmendro_Laurane\" width=\"125\" height=\"125\" srcset=\"https:\/\/novalmendro.com\/wp-content\/uploads\/VariedadesAlmendro_Laurane-150x150.jpg 150w, https:\/\/novalmendro.com\/wp-content\/uploads\/VariedadesAlmendro_Laurane-55x55.jpg 55w, https:\/\/novalmendro.com\/wp-content\/uploads\/VariedadesAlmendro_Laurane-239x239.jpg 239w, https:\/\/novalmendro.com\/wp-content\/uploads\/VariedadesAlmendro_Laurane.jpg 256w\" sizes=\"auto, (max-width: 125px) 100vw, 125px\" \/><\/a><\/td>\n<td width=\"128\"><a href=\"http:\/\/novalmendro.com\/pt-pt\/amendoal\/variedades-de-amendoeiras\/soleta\/\"><img loading=\"lazy\" decoding=\"async\" class=\"aligncenter wp-image-7832\" src=\"https:\/\/novalmendro.com\/wp-content\/uploads\/\/VariedadesAlmendro_Soleta-150x150.jpg\" alt=\"VariedadesAlmendro_Soleta\" width=\"125\" height=\"120\" srcset=\"https:\/\/novalmendro.com\/wp-content\/uploads\/VariedadesAlmendro_Soleta-55x53.jpg 55w, https:\/\/novalmendro.com\/wp-content\/uploads\/VariedadesAlmendro_Soleta-239x230.jpg 239w, https:\/\/novalmendro.com\/wp-content\/uploads\/VariedadesAlmendro_Soleta.jpg 266w\" sizes=\"auto, (max-width: 125px) 100vw, 125px\" \/><\/a><\/td>\n<td width=\"128\"><a href=\"http:\/\/novalmendro.com\/pt-pt\/amendoal\/variedades-de-amendoeiras\/guara\/\"><img loading=\"lazy\" decoding=\"async\" class=\"aligncenter wp-image-7836\" src=\"https:\/\/novalmendro.com\/wp-content\/uploads\/\/VariedadesAlmendro_Guara-150x150.jpg\" alt=\"VariedadesAlmendro_Guara\" width=\"125\" height=\"122\" srcset=\"https:\/\/novalmendro.com\/wp-content\/uploads\/VariedadesAlmendro_Guara-55x55.jpg 55w, https:\/\/novalmendro.com\/wp-content\/uploads\/VariedadesAlmendro_Guara-239x233.jpg 239w, https:\/\/novalmendro.com\/wp-content\/uploads\/VariedadesAlmendro_Guara.jpg 263w\" sizes=\"auto, (max-width: 125px) 100vw, 125px\" \/><\/a><\/td>\n<td width=\"128\"><a href=\"http:\/\/novalmendro.com\/pt-pt\/amendoal\/variedades-de-amendoeiras\/belona\/\"><img loading=\"lazy\" decoding=\"async\" class=\"aligncenter wp-image-7834\" src=\"https:\/\/novalmendro.com\/wp-content\/uploads\/\/VariedadesAlmendro_Belona-150x150.jpg\" alt=\"VariedadesAlmendro_Belona\" width=\"125\" height=\"122\" srcset=\"https:\/\/novalmendro.com\/wp-content\/uploads\/VariedadesAlmendro_Belona-55x55.jpg 55w, https:\/\/novalmendro.com\/wp-content\/uploads\/VariedadesAlmendro_Belona-239x234.jpg 239w, https:\/\/novalmendro.com\/wp-content\/uploads\/VariedadesAlmendro_Belona.jpg 262w\" sizes=\"auto, (max-width: 125px) 100vw, 125px\" \/><\/a><\/td>\n<\/tr>\n<tr>\n<td style=\"text-align: center;\" width=\"128\"><strong><a title=\"Avijor - Todolivo\" href=\"http:\/\/novalmendro.com\/pt-pt\/amendoal\/variedades-de-amendoeiras\/avijor\/\">Avijor<\/a><\/strong><\/td>\n<td style=\"text-align: center;\" width=\"128\"><a title=\"Soleta\u00ae - Todolivo\" href=\"http:\/\/novalmendro.com\/pt-pt\/amendoal\/variedades-de-amendoeiras\/soleta\/\"><strong>Soleta\u00ae<\/strong><\/a><\/td>\n<td style=\"text-align: center;\" width=\"128\"><span style=\"color: #ffffff;\"><strong><span style=\"background-color: #000000;\"><a style=\"color: #ffffff;\" title=\"Guara\u00ae - Todolivo\" href=\"http:\/\/novalmendro.com\/pt-pt\/amendoal\/variedades-de-amendoeiras\/guara\/\">Guara\u00ae<\/a><\/span><\/strong><\/span><\/td>\n<td style=\"text-align: center;\" width=\"128\"><strong><a title=\"Belona\u00ae - Todolivo\" href=\"http:\/\/novalmendro.com\/pt-pt\/amendoal\/variedades-de-amendoeiras\/belona\/\">Belona\u00ae<\/a><\/strong><\/td>\n<\/tr>\n<\/tbody>\n<\/table>\n<div id=\"g1-divider-2\" class=\"g1-divider g1-divider--none g1-divider--noicon \"><\/div>\n","protected":false},"excerpt":{"rendered":"<p>Guara\u00ae (Obtida pelo CITA de Arag\u00e3o) Variedade muito precoce, autof\u00e9rtil, flora\u00e7\u00e3o tardia, matura\u00e7\u00e3o tempor\u00e3 e produtividade elevada-muito elevada. F\u00e1cil de podar e conduzir. Muito \u00e1spera e muito pouco bianual. Resist\u00eancia m\u00e9dia a geadas. Sens\u00edvel \u00e0 Mancha Amarelada Avijor Soleta\u00ae Guara\u00ae Belona\u00ae<\/p>\n","protected":false},"author":1,"featured_media":0,"parent":9168,"menu_order":0,"comment_status":"closed","ping_status":"closed","template":"","meta":{"footnotes":""},"class_list":["post-9186","page","type-page","status-publish"],"_links":{"self":[{"href":"https:\/\/novalmendro.com\/pt-pt\/wp-json\/wp\/v2\/pages\/9186","targetHints":{"allow":["GET"]}}],"collection":[{"href":"https:\/\/novalmendro.com\/pt-pt\/wp-json\/wp\/v2\/pages"}],"about":[{"href":"https:\/\/novalmendro.com\/pt-pt\/wp-json\/wp\/v2\/types\/page"}],"author":[{"embeddable":true,"href":"https:\/\/novalmendro.com\/pt-pt\/wp-json\/wp\/v2\/users\/1"}],"replies":[{"embeddable":true,"href":"https:\/\/novalmendro.com\/pt-pt\/wp-json\/wp\/v2\/comments?post=9186"}],"version-history":[{"count":3,"href":"https:\/\/novalmendro.com\/pt-pt\/wp-json\/wp\/v2\/pages\/9186\/revisions"}],"predecessor-version":[{"id":12996,"href":"https:\/\/novalmendro.com\/pt-pt\/wp-json\/wp\/v2\/pages\/9186\/revisions\/12996"}],"up":[{"embeddable":true,"href":"https:\/\/novalmendro.com\/pt-pt\/wp-json\/wp\/v2\/pages\/9168"}],"wp:attachment":[{"href":"https:\/\/novalmendro.com\/pt-pt\/wp-json\/wp\/v2\/media?parent=9186"}],"curies":[{"name":"wp","href":"https:\/\/api.w.org\/{rel}","templated":true}]}}