{"id":9187,"date":"2015-07-31T10:20:24","date_gmt":"2015-07-31T09:20:24","guid":{"rendered":"http:\/\/novalmendro.com\/pt-pt\/?page_id=9187"},"modified":"2016-02-22T11:20:52","modified_gmt":"2016-02-22T10:20:52","slug":"soleta","status":"publish","type":"page","link":"https:\/\/novalmendro.com\/pt-pt\/amendoal\/variedades-de-amendoeiras\/soleta\/","title":{"rendered":"Soleta\u00ae"},"content":{"rendered":"<h2><img loading=\"lazy\" decoding=\"async\" class=\"circleimage alignleft wp-image-7886\" style=\"margin-left: 15px; margin-right: 15px;\" src=\"https:\/\/novalmendro.com\/wp-content\/uploads\/19_11.jpg\" alt=\"19_11\" width=\"210\" height=\"211\" srcset=\"https:\/\/novalmendro.com\/wp-content\/uploads\/19_11.jpg 178w, https:\/\/novalmendro.com\/wp-content\/uploads\/19_11-150x150.jpg 150w, https:\/\/novalmendro.com\/wp-content\/uploads\/19_11-55x55.jpg 55w\" sizes=\"auto, (max-width: 210px) 100vw, 210px\" \/>Soleta\u00ae (Obtida pelo CITA de Arag\u00e3o)<\/h2>\n<p>Variedade precoce, autof\u00e9rtil, flora\u00e7\u00e3o tardia, matura\u00e7\u00e3o m\u00e9dia-tardia e produtividade elevada. Alguma resist\u00eancia \u00e0 geada. Altern\u00e2ncia m\u00e9dia-alta e f\u00e1cil colheita. O fruto possui excelentes caracter\u00edsticas organol\u00e9ticas.<\/p>\n<span id=\"g1-space-1\" class=\"g1-space \" style=\"height:60px;\"><\/span>\n<div id=\"g1-tabs-1\" class=\"g1-tabs g1-tabs--simple g1-type--click g1-tabs--horizontal g1-tabs--top g1-align-left \">\n<div id=\"tab-title-counter-1\" class=\"g1-tab-title \">\n<p>Ficha T\u00e9cnica<\/p>\n<\/div>\n<div id=\"tab-content-counter-1\" class=\"g1-tab-content \">\n<h3>Principais caracter\u00edsticas<\/h3>\n<ul class=\"g1-grid\"><li class=\"g1-column g1-two-third g1-valign-top\">\n<table style=\"padding-left: 60px;\" border=\"0\" width=\"100%\">\n<tbody style=\"padding-left: 60px;\">\n<tr style=\"padding-left: 60px;\">\n<td style=\"padding-left: 60px;\" width=\"19%\">Vigor:<\/td>\n<td style=\"padding-left: 60px;\" width=\"81%\">m\u00e9dio<\/td>\n<\/tr>\n<tr style=\"padding-left: 60px;\">\n<td style=\"padding-left: 60px;\">Porte:<\/td>\n<td style=\"padding-left: 60px;\">semi-abierto<\/td>\n<\/tr>\n<tr style=\"padding-left: 60px;\">\n<td style=\"padding-left: 60px;\">Ramagem:<\/td>\n<td style=\"padding-left: 60px;\">m\u00e9dia e de poda f\u00e1cil<\/td>\n<\/tr>\n<tr style=\"padding-left: 60px;\">\n<td style=\"padding-left: 60px;\">Flora\u00e7\u00e3o:<\/td>\n<td style=\"padding-left: 60px;\">tardia (2-3 dias antes da Guara)<\/td>\n<\/tr>\n<tr style=\"padding-left: 60px;\">\n<td style=\"padding-left: 60px;\">Matura\u00e7\u00e3o:<\/td>\n<td style=\"padding-left: 60px;\">m\u00e9dia-tardia (meados de setembro)<\/td>\n<\/tr>\n<tr style=\"padding-left: 60px;\">\n<td style=\"padding-left: 60px;\">Casca:<\/td>\n<td style=\"padding-left: 60px;\">dura<\/td>\n<\/tr>\n<tr style=\"padding-left: 60px;\">\n<td style=\"padding-left: 60px;\">Rendimento:<\/td>\n<td style=\"padding-left: 60px;\">27-35%<\/td>\n<\/tr>\n<tr style=\"padding-left: 60px;\">\n<td style=\"padding-left: 60px;\">Produ\u00e7\u00e3o:<\/td>\n<td style=\"padding-left: 60px;\">alta<\/td>\n<\/tr>\n<tr style=\"padding-left: 60px;\">\n<td style=\"padding-left: 60px;\">Frutifica\u00e7\u00e3o:<\/td>\n<td style=\"padding-left: 60px;\">localizada sobretudo em ramalhetes de maio e menos em ramos mistos<\/td>\n<\/tr>\n<tr style=\"padding-left: 60px;\">\n<td style=\"padding-left: 60px;\">Toler\u00e2ncia:<\/td>\n<td style=\"padding-left: 60px;\">muito elevada \u00e0 Mancha Amarelada. Toler\u00e2ncia m\u00e9dia ao frio<\/td>\n<\/tr>\n<tr style=\"padding-left: 60px;\">\n<td style=\"padding-left: 60px;\">Suscetibilidade:<\/td>\n<td style=\"padding-left: 60px;\">&#8211;<\/td>\n<\/tr>\n<\/tbody>\n<\/table>\n<\/li><!-- --><li class=\"g1-column g1-one-third g1-valign-top\">\n<p><img loading=\"lazy\" decoding=\"async\" class=\"estilo-imagen aligncenter wp-image-7884 size-full\" src=\"http:\/\/novalmendro.com\/wp-content\/uploads\/19_12.jpg\" alt=\"19_12\" width=\"194\" height=\"265\" srcset=\"https:\/\/novalmendro.com\/wp-content\/uploads\/19_12.jpg 194w, https:\/\/novalmendro.com\/wp-content\/uploads\/19_12-53x73.jpg 53w\" sizes=\"auto, (max-width: 194px) 100vw, 194px\" \/><br \/>\n<\/li><!-- --><\/ul><\/p>\n<\/div>\n<div id=\"tab-title-counter-2\" class=\"g1-tab-title \">\n<p>Fruto<\/p>\n<\/div>\n<div id=\"tab-content-counter-2\" class=\"g1-tab-content \">\n<h3>Caracter\u00edsticas do fruto<\/h3>\n<p><ul class=\"g1-grid\"><li class=\"g1-column g1-one-half g1-valign-top\"><span id=\"g1-space-2\" class=\"g1-space \" style=\"height:20px;\"><\/span><\/p>\n<table style=\"padding-left: 60px;\" border=\"0\" width=\"100%\">\n<tbody style=\"padding-left: 60px;\">\n<tr style=\"padding-left: 60px;\">\n<td style=\"padding-left: 60px;\" width=\"50%\">Forma:<\/td>\n<td style=\"padding-left: 60px;\" width=\"50%\">el\u00edptica<\/td>\n<\/tr>\n<tr style=\"padding-left: 60px;\">\n<td style=\"padding-left: 60px;\">Tamanho:<\/td>\n<td style=\"padding-left: 60px;\">m\u00e9dio<\/td>\n<\/tr>\n<tr style=\"padding-left: 60px;\">\n<td style=\"padding-left: 60px;\">Peso m\u00e9dio do fruto:<\/td>\n<td style=\"padding-left: 60px;\">1,27 g<\/td>\n<\/tr>\n<tr style=\"padding-left: 60px;\">\n<td style=\"padding-left: 60px;\">Sementes duplas:<\/td>\n<td style=\"padding-left: 60px;\">0%<\/td>\n<\/tr>\n<tr style=\"padding-left: 60px;\">\n<td style=\"padding-left: 60px;\">Sabor:<\/td>\n<td style=\"padding-left: 60px;\">agrad\u00e1vel<\/td>\n<\/tr>\n<\/tbody>\n<\/table>\n<\/li><!-- --><li class=\"g1-column g1-one-half g1-valign-top\">\u00a0<img loading=\"lazy\" decoding=\"async\" class=\"estilo-imagen aligncenter wp-image-3867 size-full\" src=\"http:\/\/novalmendro.com\/wp-content\/uploads\/19_2.png\" alt=\"19_2\" width=\"247\" height=\"203\" srcset=\"https:\/\/novalmendro.com\/wp-content\/uploads\/19_2.png 247w, https:\/\/novalmendro.com\/wp-content\/uploads\/19_2-55x45.png 55w, https:\/\/novalmendro.com\/wp-content\/uploads\/19_2-239x196.png 239w\" sizes=\"auto, (max-width: 247px) 100vw, 247px\" \/> <\/li><!-- --><\/ul><\/p>\n<\/div>\n<\/div>\n<div id=\"g1-divider-1\" class=\"g1-divider g1-divider--none g1-divider--noicon \"><\/div>\n<span id=\"g1-space-3\" class=\"g1-space \" style=\"margin-top:-15px;\"><\/span>\n<table border=\"0\" width=\"100%\">\n<tbody>\n<tr>\n<td width=\"128\"><a href=\"http:\/\/novalmendro.com\/pt-pt\/amendoal\/variedades-de-amendoeiras\/avijor\/\"><img loading=\"lazy\" decoding=\"async\" class=\"aligncenter wp-image-7838\" src=\"https:\/\/novalmendro.com\/wp-content\/uploads\/\/VariedadesAlmendro_Laurane-150x150.jpg\" alt=\"VariedadesAlmendro_Avijor\" width=\"125\" height=\"125\" srcset=\"https:\/\/novalmendro.com\/wp-content\/uploads\/VariedadesAlmendro_Laurane-150x150.jpg 150w, https:\/\/novalmendro.com\/wp-content\/uploads\/VariedadesAlmendro_Laurane-55x55.jpg 55w, https:\/\/novalmendro.com\/wp-content\/uploads\/VariedadesAlmendro_Laurane-239x239.jpg 239w, https:\/\/novalmendro.com\/wp-content\/uploads\/VariedadesAlmendro_Laurane.jpg 256w\" sizes=\"auto, (max-width: 125px) 100vw, 125px\" \/><\/a><\/td>\n<td width=\"128\"><a href=\"http:\/\/novalmendro.com\/pt-pt\/amendoal\/variedades-de-amendoeiras\/soleta\/\"><img loading=\"lazy\" decoding=\"async\" class=\"aligncenter wp-image-7832\" src=\"https:\/\/novalmendro.com\/wp-content\/uploads\/\/VariedadesAlmendro_Soleta-150x150.jpg\" alt=\"VariedadesAlmendro_Soleta\" width=\"125\" height=\"120\" srcset=\"https:\/\/novalmendro.com\/wp-content\/uploads\/VariedadesAlmendro_Soleta-55x53.jpg 55w, https:\/\/novalmendro.com\/wp-content\/uploads\/VariedadesAlmendro_Soleta-239x230.jpg 239w, https:\/\/novalmendro.com\/wp-content\/uploads\/VariedadesAlmendro_Soleta.jpg 266w\" sizes=\"auto, (max-width: 125px) 100vw, 125px\" \/><\/a><\/td>\n<td width=\"128\"><a href=\"http:\/\/novalmendro.com\/pt-pt\/amendoal\/variedades-de-amendoeiras\/guara\/\"><img loading=\"lazy\" decoding=\"async\" class=\"aligncenter wp-image-7836\" src=\"https:\/\/novalmendro.com\/wp-content\/uploads\/\/VariedadesAlmendro_Guara-150x150.jpg\" alt=\"VariedadesAlmendro_Guara\" width=\"125\" height=\"122\" srcset=\"https:\/\/novalmendro.com\/wp-content\/uploads\/VariedadesAlmendro_Guara-55x55.jpg 55w, https:\/\/novalmendro.com\/wp-content\/uploads\/VariedadesAlmendro_Guara-239x233.jpg 239w, https:\/\/novalmendro.com\/wp-content\/uploads\/VariedadesAlmendro_Guara.jpg 263w\" sizes=\"auto, (max-width: 125px) 100vw, 125px\" \/><\/a><\/td>\n<td width=\"128\"><a href=\"http:\/\/novalmendro.com\/pt-pt\/amendoal\/variedades-de-amendoeiras\/belona\/\"><img loading=\"lazy\" decoding=\"async\" class=\"aligncenter wp-image-7834\" src=\"https:\/\/novalmendro.com\/wp-content\/uploads\/\/VariedadesAlmendro_Belona-150x150.jpg\" alt=\"VariedadesAlmendro_Belona\" width=\"125\" height=\"122\" srcset=\"https:\/\/novalmendro.com\/wp-content\/uploads\/VariedadesAlmendro_Belona-55x55.jpg 55w, https:\/\/novalmendro.com\/wp-content\/uploads\/VariedadesAlmendro_Belona-239x234.jpg 239w, https:\/\/novalmendro.com\/wp-content\/uploads\/VariedadesAlmendro_Belona.jpg 262w\" sizes=\"auto, (max-width: 125px) 100vw, 125px\" \/><\/a><\/td>\n<\/tr>\n<tr>\n<td style=\"text-align: center;\" width=\"128\"><strong><a title=\"Avijor - Todolivo\" href=\"http:\/\/novalmendro.com\/pt-pt\/amendoal\/variedades-de-amendoeiras\/avijor\/\">Avijor<\/a><\/strong><\/td>\n<td style=\"text-align: center;\" width=\"128\"><span style=\"background-color: #000000; color: #ffffff;\"><a style=\"color: #ffffff;\" title=\"Soleta\u00ae - Todolivo\" href=\"http:\/\/novalmendro.com\/pt-pt\/amendoal\/variedades-de-amendoeiras\/soleta\/\"><strong>Soleta\u00ae<\/strong><\/a><\/span><\/td>\n<td style=\"text-align: center;\" width=\"128\"><strong><a title=\"Guara\u00ae - Todolivo\" href=\"http:\/\/novalmendro.com\/pt-pt\/amendoal\/variedades-de-amendoeiras\/guara\/\">Guara\u00ae<\/a><\/strong><\/td>\n<td style=\"text-align: center;\" width=\"128\"><strong><a title=\"Belona\u00ae - Todolivo\" href=\"http:\/\/novalmendro.com\/pt-pt\/amendoal\/variedades-de-amendoeiras\/belona\/\">Belona\u00ae<\/a><\/strong><\/td>\n<\/tr>\n<\/tbody>\n<\/table>\n<div id=\"g1-divider-2\" class=\"g1-divider g1-divider--none g1-divider--noicon \"><\/div>\n","protected":false},"excerpt":{"rendered":"<p>Soleta\u00ae (Obtida pelo CITA de Arag\u00e3o) Variedade precoce, autof\u00e9rtil, flora\u00e7\u00e3o tardia, matura\u00e7\u00e3o m\u00e9dia-tardia e produtividade elevada. Alguma resist\u00eancia \u00e0 geada. Altern\u00e2ncia m\u00e9dia-alta e f\u00e1cil colheita. O fruto possui excelentes caracter\u00edsticas organol\u00e9ticas. Avijor Soleta\u00ae Guara\u00ae Belona\u00ae<\/p>\n","protected":false},"author":1,"featured_media":0,"parent":9168,"menu_order":0,"comment_status":"closed","ping_status":"closed","template":"","meta":{"footnotes":""},"class_list":["post-9187","page","type-page","status-publish"],"_links":{"self":[{"href":"https:\/\/novalmendro.com\/pt-pt\/wp-json\/wp\/v2\/pages\/9187","targetHints":{"allow":["GET"]}}],"collection":[{"href":"https:\/\/novalmendro.com\/pt-pt\/wp-json\/wp\/v2\/pages"}],"about":[{"href":"https:\/\/novalmendro.com\/pt-pt\/wp-json\/wp\/v2\/types\/page"}],"author":[{"embeddable":true,"href":"https:\/\/novalmendro.com\/pt-pt\/wp-json\/wp\/v2\/users\/1"}],"replies":[{"embeddable":true,"href":"https:\/\/novalmendro.com\/pt-pt\/wp-json\/wp\/v2\/comments?post=9187"}],"version-history":[{"count":4,"href":"https:\/\/novalmendro.com\/pt-pt\/wp-json\/wp\/v2\/pages\/9187\/revisions"}],"predecessor-version":[{"id":12449,"href":"https:\/\/novalmendro.com\/pt-pt\/wp-json\/wp\/v2\/pages\/9187\/revisions\/12449"}],"up":[{"embeddable":true,"href":"https:\/\/novalmendro.com\/pt-pt\/wp-json\/wp\/v2\/pages\/9168"}],"wp:attachment":[{"href":"https:\/\/novalmendro.com\/pt-pt\/wp-json\/wp\/v2\/media?parent=9187"}],"curies":[{"name":"wp","href":"https:\/\/api.w.org\/{rel}","templated":true}]}}